{"id":1020,"date":"2024-04-08T07:20:10","date_gmt":"2024-04-08T07:20:10","guid":{"rendered":"https:\/\/dishify.wpthemeverse.com\/?page_id=1020"},"modified":"2025-02-19T12:39:42","modified_gmt":"2025-02-19T12:39:42","slug":"historia","status":"publish","type":"page","link":"https:\/\/moinhonovotentugal.pt\/en\/historia\/","title":{"rendered":"Hist\u00f3ria"},"content":{"rendered":"<div data-elementor-type=\"wp-page\" data-elementor-id=\"1020\" class=\"elementor elementor-1020\" data-elementor-post-type=\"page\">\n\t\t\t\t\t\t<section class=\"elementor-section elementor-top-section elementor-element elementor-element-a4ea6ca sisf-elementor-content-grid elementor-section-boxed elementor-section-height-default elementor-section-height-default\" data-id=\"a4ea6ca\" data-element_type=\"section\" data-settings=\"{&quot;background_background&quot;:&quot;classic&quot;}\">\n\t\t\t\t\t\t<div class=\"elementor-container elementor-column-gap-default\">\n\t\t\t\t\t<div class=\"elementor-column elementor-col-100 elementor-top-column elementor-element elementor-element-b1ba052\" data-id=\"b1ba052\" data-element_type=\"column\">\n\t\t\t<div class=\"elementor-widget-wrap elementor-element-populated\">\n\t\t\t\t\t\t<section class=\"elementor-section elementor-inner-section elementor-element elementor-element-ea7619f elementor-section-full_width elementor-section-content-middle elementor-section-height-default elementor-section-height-default sisf-elementor-content-no\" data-id=\"ea7619f\" data-element_type=\"section\">\n\t\t\t\t\t\t<div class=\"elementor-container elementor-column-gap-default\">\n\t\t\t\t\t<div class=\"elementor-column elementor-col-100 elementor-inner-column elementor-element elementor-element-3ffe3c0\" data-id=\"3ffe3c0\" data-element_type=\"column\">\n\t\t\t<div class=\"elementor-widget-wrap elementor-element-populated\">\n\t\t\t\t\t\t<div class=\"elementor-element elementor-element-883d43d elementor-widget elementor-widget-sis_addons_for_elementor_section_title\" data-id=\"883d43d\" data-element_type=\"widget\" data-widget_type=\"sis_addons_for_elementor_section_title.default\">\n\t\t\t\t<div class=\"elementor-widget-container\">\n\t\t\t\t\t<div class=\"sisf-shortcode sisf-m sisf-center-text sisf-sis-section-title sisf-title-break--disabled sisf-decoration--italic  sisf-link--underline-draw sisf-subtitle-icon--right\">\n\t\t\t\t<h6 class=\"sisf-m-subtitle\">\n\t\tA Nossa Hist\u00f3ria\t\t\t<\/h6>\n\t\t\t<h2 class=\"sisf-m-title\">\n\t\tUma hist\u00f3ria Recheada\t<\/h2>\n\t\t\t<div class=\"sisf-m-text\"><p>Convidamo-vos a conhecer a hist\u00f3ria deste espa\u00e7o \u00fanico. Aqui, poder\u00e3o descobrir as ra\u00edzes e tradi\u00e7\u00f5es que fazem parte da nossa identidade, desde a origem do Moinho at\u00e9 \u00e0s receitas conventuais que preservamos com orgulho.<\/p><p>Venham explorar a nossa hist\u00f3ria e sentir a liga\u00e7\u00e3o entre o passado e o presente!<\/p><\/div>\n\t<\/div>\n\t\t\t\t<\/div>\n\t\t\t\t<\/div>\n\t\t\t\t\t<\/div>\n\t\t<\/div>\n\t\t\t\t\t<\/div>\n\t\t<\/section>\n\t\t\t\t\t<\/div>\n\t\t<\/div>\n\t\t\t\t\t<\/div>\n\t\t<\/section>\n\t\t\t\t<section class=\"elementor-section elementor-top-section elementor-element elementor-element-d437a4c sisf-elementor-content-grid elementor-section-boxed elementor-section-height-default elementor-section-height-default\" data-id=\"d437a4c\" data-element_type=\"section\" data-settings=\"{&quot;background_background&quot;:&quot;classic&quot;}\">\n\t\t\t\t\t\t<div class=\"elementor-container elementor-column-gap-default\">\n\t\t\t\t\t<div class=\"elementor-column elementor-col-100 elementor-top-column elementor-element elementor-element-316d640\" data-id=\"316d640\" data-element_type=\"column\">\n\t\t\t<div class=\"elementor-widget-wrap elementor-element-populated\">\n\t\t\t\t\t\t<div class=\"elementor-element elementor-element-7e43179 elementor-widget elementor-widget-text-editor\" data-id=\"7e43179\" data-element_type=\"widget\" data-widget_type=\"text-editor.default\">\n\t\t\t\t<div class=\"elementor-widget-container\">\n\t\t\t\t\t\t\t\t\t<p>A Faria &amp; Salgado, Lda. \u00e9 uma empresa que iniciou a sua atividade em 2013 (embora os seus promotores e corpo de pessoal acumule mais de tr\u00eas d\u00e9cadas de experi\u00eancia), tendo desenvolvido e explorado o sector da pastelaria com fabrico pr\u00f3prio, bem como, actividades conexas com a restaura\u00e7\u00e3o, na actual Pastelaria Moinho Novo em Tent\u00fagal.<\/p><p><span style=\"color: var( --e-global-color-text );font-family: var( --e-global-typography-text-font-family ), Sans-serif;font-size: var( --e-global-typography-text-font-size );font-weight: var( --e-global-typography-text-font-weight );letter-spacing: var( --e-global-typography-text-letter-spacing )\">Sendo um dos Gerentes um pasteleiro experiente e formado numa das principais entidades locais de produ\u00e7\u00e3o e comercializa\u00e7\u00e3o de do\u00e7aria conventual, o saber-fazer est\u00e1 consolidado e garantido, como comprovam pr\u00e9mios de qualidade j\u00e1 alcan\u00e7ados em provas cegas.<\/span><\/p><p>Com uma \u00e1rea geogr\u00e1fica de produ\u00e7\u00e3o e comercializa\u00e7\u00e3o sediada em Tent\u00fagal, possui uma carteira de clientes que se estende ao longo do Mondego, da Figueira da Foz at\u00e9 Coimbra.<\/p><h4>Porqu\u00ea o nome Moinho Novo?<\/h4><p>Trata-se essencialmente de uma homenagem familiar do gerente Jos\u00e9 Faria ao seu pai J\u00falio Faria e sua av\u00f3 Francelina Ferreira. O primeiro porque faleceu muito jovem, tendo sido o motivo pelo qual Jos\u00e9 Faria come\u00e7ou a trabalhar muito novo, para ajudar a m\u00e3e e os tr\u00eas irm\u00e3os muito pequenos. Este desenvolveu o seu gosto pela Do\u00e7aria Conventual com 11 anos quando come\u00e7ou a trabalhar numa Pastelaria em Tent\u00fagal.<\/p><p>A D. Francelina, moleira de profiss\u00e3o, n\u00e3o deixava faltar a farinha aos seus clientes nas redondezas de Tent\u00fagal. Faleceu com 103 anos no ano de 2021. Apesar da sua vida dif\u00edcil em tempos nada favor\u00e1veis, todos a recordam como sendo uma Senhora af\u00e1vel,sempre de sorriso no rosto. Dedicado a esta Senhora, temos tamb\u00e9m um doce (A Francelina) em formato de uma m\u00f3, dos quais os sabores da noz, doce de ab\u00f3bora e canela, predominam dando uma mistura de sabores quentes e agrad\u00e1veis.<\/p><p>A D. Francelina morou com a sua fam\u00edlia num Moinho numa localidade perto de Tent\u00fagal denominada de Moinho Novo.<\/p>\t\t\t\t\t\t\t\t<\/div>\n\t\t\t\t<\/div>\n\t\t\t\t<div class=\"elementor-element elementor-element-ceb9026 elementor-widget elementor-widget-sis_addons_for_elementor_timeline\" data-id=\"ceb9026\" data-element_type=\"widget\" data-widget_type=\"sis_addons_for_elementor_timeline.default\">\n\t\t\t\t<div class=\"elementor-widget-container\">\n\t\t\t\t\t<div class=\"sisf-shortcode sisf-m  sisf-sis-timeline sisf-timeline--vertical  sisf-timeline-layout--vertical-separated sisf-line--outside sisf-point--standard sisf-sis--has-appear  sisf-reverse-padding\">\n\t<div class=\"sisf-e sisf-e-item  elementor-repeater-item-1f65a25 sisf-obverse\">\n\t<div class=\"sisf-e-line-holder\">\n\t\t<span class=\"sisf-e-line\"><\/span>\n\t<\/div>\n\t<div class=\"sisf-e-item-inner\">\n\t\t<div class=\"sisf-e-point-holder\">\n\t\t\t<div class=\"sisf-e-point\">\n\t\t\t\t\t\t\t\t<div class=\"sisf-e-date\"><h3>2024<\/h3><\/div>\n\t\t\t<\/div>\n\t\t<\/div>\n\t\t<div class=\"sisf-e-side-holder\">\n\t\t\t<div class=\"sisf-e-image\">\n\t<img fetchpriority=\"high\" decoding=\"async\" width=\"1000\" height=\"925\" src=\"https:\/\/moinhonovotentugal.pt\/wp-content\/uploads\/2025\/01\/TopScoring2024.jpg\" class=\"attachment-full size-full\" alt=\"\" srcset=\"https:\/\/moinhonovotentugal.pt\/wp-content\/uploads\/2025\/01\/TopScoring2024.jpg 1000w, https:\/\/moinhonovotentugal.pt\/wp-content\/uploads\/2025\/01\/TopScoring2024-300x278.jpg 300w, https:\/\/moinhonovotentugal.pt\/wp-content\/uploads\/2025\/01\/TopScoring2024-768x710.jpg 768w, https:\/\/moinhonovotentugal.pt\/wp-content\/uploads\/2025\/01\/TopScoring2024-600x555.jpg 600w\" sizes=\"(max-width: 1000px) 100vw, 1000px\" \/><\/div>\n\t\t<\/div>\n\t\t<div class=\"sisf-e-content-holder\">\n\t\t\t\t<h3 class=\"sisf-e-title\">\n\t\tScoring Top 5%\t\t<\/h3>\n\t\t\t\t\t<p class=\"sisf-e-text\">\n\t\tTop 5% Melhores PME Portugal 3\u00ba ano consecutivo\t<\/p>\n\t\t\t<\/div>\n\t<\/div>\n<\/div>\n<div class=\"sisf-e sisf-e-item  elementor-repeater-item-eb4f9bc sisf-reverse\">\n\t<div class=\"sisf-e-line-holder\">\n\t\t<span class=\"sisf-e-line\"><\/span>\n\t<\/div>\n\t<div class=\"sisf-e-item-inner\">\n\t\t<div class=\"sisf-e-point-holder\">\n\t\t\t<div class=\"sisf-e-point\">\n\t\t\t\t\t\t\t\t<div class=\"sisf-e-date\"><h3>2023<\/h3><\/div>\n\t\t\t<\/div>\n\t\t<\/div>\n\t\t<div class=\"sisf-e-side-holder\">\n\t\t\t<div class=\"sisf-e-image\">\n\t<img decoding=\"async\" width=\"1527\" height=\"1527\" src=\"https:\/\/moinhonovotentugal.pt\/wp-content\/uploads\/2025\/01\/TopScoring2023.jpg\" class=\"attachment-full size-full\" alt=\"\" srcset=\"https:\/\/moinhonovotentugal.pt\/wp-content\/uploads\/2025\/01\/TopScoring2023.jpg 1527w, https:\/\/moinhonovotentugal.pt\/wp-content\/uploads\/2025\/01\/TopScoring2023-300x300.jpg 300w, https:\/\/moinhonovotentugal.pt\/wp-content\/uploads\/2025\/01\/TopScoring2023-1024x1024.jpg 1024w, https:\/\/moinhonovotentugal.pt\/wp-content\/uploads\/2025\/01\/TopScoring2023-150x150.jpg 150w, https:\/\/moinhonovotentugal.pt\/wp-content\/uploads\/2025\/01\/TopScoring2023-768x768.jpg 768w, https:\/\/moinhonovotentugal.pt\/wp-content\/uploads\/2025\/01\/TopScoring2023-650x650.jpg 650w, https:\/\/moinhonovotentugal.pt\/wp-content\/uploads\/2025\/01\/TopScoring2023-1300x1300.jpg 1300w, https:\/\/moinhonovotentugal.pt\/wp-content\/uploads\/2025\/01\/TopScoring2023-600x600.jpg 600w, https:\/\/moinhonovotentugal.pt\/wp-content\/uploads\/2025\/01\/TopScoring2023-100x100.jpg 100w\" sizes=\"(max-width: 1527px) 100vw, 1527px\" \/><\/div>\n\t\t<\/div>\n\t\t<div class=\"sisf-e-content-holder\">\n\t\t\t\t<h3 class=\"sisf-e-title\">\n\t\tScoring Top 5%\t\t<\/h3>\n\t\t\t\t\t<p class=\"sisf-e-text\">\n\t\tTop 5% Melhores PME Portugal 2\u00ba ano consecutivo\t<\/p>\n\t\t\t<\/div>\n\t<\/div>\n<\/div>\n<div class=\"sisf-e sisf-e-item  elementor-repeater-item-5be4de0 sisf-obverse\">\n\t<div class=\"sisf-e-line-holder\">\n\t\t<span class=\"sisf-e-line\"><\/span>\n\t<\/div>\n\t<div class=\"sisf-e-item-inner\">\n\t\t<div class=\"sisf-e-point-holder\">\n\t\t\t<div class=\"sisf-e-point\">\n\t\t\t\t\t\t\t\t<div class=\"sisf-e-date\"><h3>2022<\/h3><\/div>\n\t\t\t<\/div>\n\t\t<\/div>\n\t\t<div class=\"sisf-e-side-holder\">\n\t\t\t<div class=\"sisf-e-image\">\n\t<img decoding=\"async\" width=\"1458\" height=\"1458\" src=\"https:\/\/moinhonovotentugal.pt\/wp-content\/uploads\/2025\/01\/TopScoring2022.jpg\" class=\"attachment-full size-full\" alt=\"\" srcset=\"https:\/\/moinhonovotentugal.pt\/wp-content\/uploads\/2025\/01\/TopScoring2022.jpg 1458w, https:\/\/moinhonovotentugal.pt\/wp-content\/uploads\/2025\/01\/TopScoring2022-300x300.jpg 300w, https:\/\/moinhonovotentugal.pt\/wp-content\/uploads\/2025\/01\/TopScoring2022-1024x1024.jpg 1024w, https:\/\/moinhonovotentugal.pt\/wp-content\/uploads\/2025\/01\/TopScoring2022-150x150.jpg 150w, https:\/\/moinhonovotentugal.pt\/wp-content\/uploads\/2025\/01\/TopScoring2022-768x768.jpg 768w, https:\/\/moinhonovotentugal.pt\/wp-content\/uploads\/2025\/01\/TopScoring2022-650x650.jpg 650w, https:\/\/moinhonovotentugal.pt\/wp-content\/uploads\/2025\/01\/TopScoring2022-1300x1300.jpg 1300w, https:\/\/moinhonovotentugal.pt\/wp-content\/uploads\/2025\/01\/TopScoring2022-600x600.jpg 600w, https:\/\/moinhonovotentugal.pt\/wp-content\/uploads\/2025\/01\/TopScoring2022-100x100.jpg 100w\" sizes=\"(max-width: 1458px) 100vw, 1458px\" \/><\/div>\n\t\t<\/div>\n\t\t<div class=\"sisf-e-content-holder\">\n\t\t\t\t<h3 class=\"sisf-e-title\">\n\t\tScoring Top 5%\t\t<\/h3>\n\t\t\t\t\t<p class=\"sisf-e-text\">\n\t\tTop 5% Melhores PME Portugal\t<\/p>\n\t\t\t<\/div>\n\t<\/div>\n<\/div>\n<div class=\"sisf-e sisf-e-item  elementor-repeater-item-ba31c9e sisf-reverse\">\n\t<div class=\"sisf-e-line-holder\">\n\t\t<span class=\"sisf-e-line\"><\/span>\n\t<\/div>\n\t<div class=\"sisf-e-item-inner\">\n\t\t<div class=\"sisf-e-point-holder\">\n\t\t\t<div class=\"sisf-e-point\">\n\t\t\t\t\t\t\t\t<div class=\"sisf-e-date\"><h3>2021<\/h3><\/div>\n\t\t\t<\/div>\n\t\t<\/div>\n\t\t<div class=\"sisf-e-side-holder\">\n\t\t\t<div class=\"sisf-e-image\">\n\t<img loading=\"lazy\" decoding=\"async\" width=\"887\" height=\"630\" src=\"https:\/\/moinhonovotentugal.pt\/wp-content\/uploads\/2024\/11\/viii-bolo-rei-portugal.jpg\" class=\"attachment-full size-full\" alt=\"\" srcset=\"https:\/\/moinhonovotentugal.pt\/wp-content\/uploads\/2024\/11\/viii-bolo-rei-portugal.jpg 887w, https:\/\/moinhonovotentugal.pt\/wp-content\/uploads\/2024\/11\/viii-bolo-rei-portugal-300x213.jpg 300w, https:\/\/moinhonovotentugal.pt\/wp-content\/uploads\/2024\/11\/viii-bolo-rei-portugal-768x545.jpg 768w, https:\/\/moinhonovotentugal.pt\/wp-content\/uploads\/2024\/11\/viii-bolo-rei-portugal-600x426.jpg 600w\" sizes=\"(max-width: 887px) 100vw, 887px\" \/><\/div>\n\t\t<\/div>\n\t\t<div class=\"sisf-e-content-holder\">\n\t\t\t\t<h3 class=\"sisf-e-title\">\n\t\tVIII Melhor Bolo Rei de Portugal\t\t<\/h3>\n\t\t\t\t\t<p class=\"sisf-e-text\">\n\t\tMedalha de Ouro\t<\/p>\n\t\t\t<\/div>\n\t<\/div>\n<\/div>\n<div class=\"sisf-e sisf-e-item  elementor-repeater-item-f4d1058 sisf-obverse\">\n\t<div class=\"sisf-e-line-holder\">\n\t\t<span class=\"sisf-e-line\"><\/span>\n\t<\/div>\n\t<div class=\"sisf-e-item-inner\">\n\t\t<div class=\"sisf-e-point-holder\">\n\t\t\t<div class=\"sisf-e-point\">\n\t\t\t\t\t\t\t\t<div class=\"sisf-e-date\"><h3>2019<\/h3><\/div>\n\t\t\t<\/div>\n\t\t<\/div>\n\t\t<div class=\"sisf-e-side-holder\">\n\t\t\t<div class=\"sisf-e-image\">\n\t<img loading=\"lazy\" decoding=\"async\" width=\"781\" height=\"688\" src=\"https:\/\/moinhonovotentugal.pt\/wp-content\/uploads\/2024\/11\/23-feira-artesanato-maia.jpg\" class=\"attachment-full size-full\" alt=\"\" srcset=\"https:\/\/moinhonovotentugal.pt\/wp-content\/uploads\/2024\/11\/23-feira-artesanato-maia.jpg 781w, https:\/\/moinhonovotentugal.pt\/wp-content\/uploads\/2024\/11\/23-feira-artesanato-maia-300x264.jpg 300w, https:\/\/moinhonovotentugal.pt\/wp-content\/uploads\/2024\/11\/23-feira-artesanato-maia-768x677.jpg 768w, https:\/\/moinhonovotentugal.pt\/wp-content\/uploads\/2024\/11\/23-feira-artesanato-maia-600x529.jpg 600w\" sizes=\"(max-width: 781px) 100vw, 781px\" \/><\/div>\n\t\t<\/div>\n\t\t<div class=\"sisf-e-content-holder\">\n\t\t\t\t<h3 class=\"sisf-e-title\">\n\t\t23\u00aa Feira Artesanato da Maia\t\t<\/h3>\n\t\t\t\t\t\t<\/div>\n\t<\/div>\n<\/div>\n<div class=\"sisf-e sisf-e-item  elementor-repeater-item-fa858c0 sisf-reverse\">\n\t<div class=\"sisf-e-line-holder\">\n\t\t<span class=\"sisf-e-line\"><\/span>\n\t<\/div>\n\t<div class=\"sisf-e-item-inner\">\n\t\t<div class=\"sisf-e-point-holder\">\n\t\t\t<div class=\"sisf-e-point\">\n\t\t\t\t\t\t\t\t<div class=\"sisf-e-date\"><h3>2017<\/h3><\/div>\n\t\t\t<\/div>\n\t\t<\/div>\n\t\t<div class=\"sisf-e-side-holder\">\n\t\t\t<div class=\"sisf-e-image\">\n\t<img loading=\"lazy\" decoding=\"async\" width=\"750\" height=\"500\" src=\"https:\/\/moinhonovotentugal.pt\/wp-content\/uploads\/2024\/11\/pme-lider-excelencia.jpg\" class=\"attachment-full size-full\" alt=\"\" srcset=\"https:\/\/moinhonovotentugal.pt\/wp-content\/uploads\/2024\/11\/pme-lider-excelencia.jpg 750w, https:\/\/moinhonovotentugal.pt\/wp-content\/uploads\/2024\/11\/pme-lider-excelencia-300x200.jpg 300w, https:\/\/moinhonovotentugal.pt\/wp-content\/uploads\/2024\/11\/pme-lider-excelencia-600x400.jpg 600w\" sizes=\"(max-width: 750px) 100vw, 750px\" \/><\/div>\n\t\t<\/div>\n\t\t<div class=\"sisf-e-content-holder\">\n\t\t\t\t<h3 class=\"sisf-e-title\">\n\t\tPME L\u00edder &amp; PME Excel\u00eancia\t\t<\/h3>\n\t\t\t\t\t\t<\/div>\n\t<\/div>\n<\/div>\n<\/div>\n\t\t\t\t<\/div>\n\t\t\t\t<\/div>\n\t\t\t\t\t<\/div>\n\t\t<\/div>\n\t\t\t\t\t<\/div>\n\t\t<\/section>\n\t\t\t\t<\/div>","protected":false},"excerpt":{"rendered":"<p>A Nossa Hist\u00f3ria Uma hist\u00f3ria Recheada Convidamo-vos a conhecer a hist\u00f3ria deste espa\u00e7o \u00fanico. Aqui, poder\u00e3o descobrir as ra\u00edzes e tradi\u00e7\u00f5es que fazem parte da nossa identidade, desde a origem do Moinho at\u00e9 \u00e0s receitas conventuais que preservamos com orgulho. Venham explorar a nossa hist\u00f3ria e sentir a liga\u00e7\u00e3o entre o passado e o presente! [&hellip;]<\/p>","protected":false},"author":1,"featured_media":0,"parent":0,"menu_order":0,"comment_status":"closed","ping_status":"closed","template":"page-full-width.php","meta":{"footnotes":""},"class_list":["post-1020","page","type-page","status-publish","hentry"],"_links":{"self":[{"href":"https:\/\/moinhonovotentugal.pt\/en\/wp-json\/wp\/v2\/pages\/1020","targetHints":{"allow":["GET"]}}],"collection":[{"href":"https:\/\/moinhonovotentugal.pt\/en\/wp-json\/wp\/v2\/pages"}],"about":[{"href":"https:\/\/moinhonovotentugal.pt\/en\/wp-json\/wp\/v2\/types\/page"}],"author":[{"embeddable":true,"href":"https:\/\/moinhonovotentugal.pt\/en\/wp-json\/wp\/v2\/users\/1"}],"replies":[{"embeddable":true,"href":"https:\/\/moinhonovotentugal.pt\/en\/wp-json\/wp\/v2\/comments?post=1020"}],"version-history":[{"count":46,"href":"https:\/\/moinhonovotentugal.pt\/en\/wp-json\/wp\/v2\/pages\/1020\/revisions"}],"predecessor-version":[{"id":3736,"href":"https:\/\/moinhonovotentugal.pt\/en\/wp-json\/wp\/v2\/pages\/1020\/revisions\/3736"}],"wp:attachment":[{"href":"https:\/\/moinhonovotentugal.pt\/en\/wp-json\/wp\/v2\/media?parent=1020"}],"curies":[{"name":"wp","href":"https:\/\/api.w.org\/{rel}","templated":true}]}}